{"id":88,"date":"2023-02-14T14:48:26","date_gmt":"2023-02-14T14:48:26","guid":{"rendered":"https:\/\/www.gaelcholaistemhaigheo.ie\/home\/"},"modified":"2025-03-08T17:59:21","modified_gmt":"2025-03-08T17:59:21","slug":"home","status":"publish","type":"page","link":"https:\/\/www.gaelcholaistemhaigheo.ie\/ga\/","title":{"rendered":"Home"},"content":{"rendered":"<h1>\u2018Beatha teanga \u00ed a labhairt\u2019<\/h1>\n\n<p style=\"text-align: center;\">Is iarbhunscoil chomhoideachais saor \u00f3 th\u00e1ill\u00ed at\u00e1 beartaithe do Ghaelchol\u00e1iste Mhaigh Eo, scoil a bheidh d\u00edrithe ar an tumoideachas l\u00e1n-Ghaeilge. Is \u00e9 an misean at\u00e1 againn s\u00e1roideachas a chur ar f\u00e1il agus \u00e1r ndalta\u00ed a threor\u00fa chun go nd\u00e9anfaidh siad a l\u00e1idreachta\u00ed f\u00e9in agus raon leathan scileanna a fhorbairt. T\u00e1imid tiomanta don teagasc a shol\u00e1thar ar ardchaighde\u00e1n sna pr\u00edomh\u00e1bhair, lena n-\u00e1ireofar teangacha, na daonnachta\u00ed, na heala\u00edona, teicneola\u00edochta\u00ed, na heola\u00edochta\u00ed, ceol, sp\u00f3irt agus cult\u00far. Coth\u00f3far timpeallacht l\u00e1idir, ionchuimsitheach, chairdi\u00fail, mheas\u00fail agus chomhbh\u00e1ch i nGaelchol\u00e1iste Mhaigh Eo, chun deis a thabhairt do gach dalta a bheith faoi bhl\u00e1th agus faoi rath.\n<\/p>\n\n\n\n\n\n\n\n\n<h2>\u00c9ITEAS NA SCOILE<\/h2>\n\n<p>Gaelchol\u00e1iste Mhaigh Eo promotes an all-Irish ethos where there is a fully immersive approach to speaking Irish as a natural, daily language and an emphasis on promoting the unique, deeply enriching elements that define our culture and our values. Gaelchol\u00e1iste Mhaigh Eo&#8217;s ethos embodies inclusivity of all outlooks, religious and non-religious as part of the cultural spirit of the school.\n<\/p>\n\n\n\n\n\n\n<h2>AN FEACHTAS<\/h2>\n<p>In 2020, ba iad Emer Mayock agus Frainc \u00d3 Clochartaigh a chuir t\u00fas leis an bhfeachtas chun iar-bhunscoil l\u00e1n-Ghaeilge a bhun\u00fa i gCaisle\u00e1n an Bharraigh. T\u00e1 p\u00e1ist\u00ed ag an mbeirt acu ag freastal ar Ghaelscoil Raifteir\u00ed, bunscoil tumoideachais Ghaeilge a buna\u00edodh ar an mbaile dh\u00e1 sc\u00f3r bliain \u00f3 shin. \n<br>Mar a sheasann c\u00farsa\u00ed faoi l\u00e1thair, n\u00edl deis ag p\u00e1ist\u00ed an cheantair a fhaigheann a mbunoideachas i nGaeilge lean\u00faint ar aghaidh agus a me\u00e1noideachas a fh\u00e1il ar an gcaoi ch\u00e9anna i bpr\u00edomhbhaile an chontae.\n\n<\/p><p>I m\u00ed Feabhra 2020, re\u00e1cht\u00e1ladh cruinni\u00fa tionscnaimh i gCaisle\u00e1n an Bharraigh agus chuir Emer agus Frainc eolas i l\u00e1thair faoi ch\u00falra agus faoi chusp\u00f3ir an fheachtais, faoi na bunt\u00e1ist\u00ed a bhaineann leis an oideachas l\u00e1n-Ghaeilge agus faoin riachtanas go gcuirf\u00ed an cine\u00e1l sin oideachais ar f\u00e1il sa phobal.\n\n<\/p><p>The meeting created positive discussion around the introduction of a Gaelchol\u00e1iste &#8211; second level immersive Irish-medium education &#8211; in Castlebar and demonstrated a healthy public interest in pursuing the initiative. This meeting took place just before the onset of the pandemic.\n \n<\/p><p>\u00d3 shin i leith, t\u00e1 Freda Nic Giolla Chath\u00e1in agus Th\u00e9r\u00e8se Ruane tagtha ar bord agus iad ag obair le hEmer agus le Frainc chun an feachtas seo a thiom\u00e1int chun cinn, iad ag baili\u00fa eolais faoi fheachtais eile cos\u00fail leis an gceann seo a re\u00e1cht\u00e1ladh in \u00e1iteanna eile ar fud na h\u00c9ireann, \u00e1it a bhfuil an tumoideachas Gaeilge ag leibh\u00e9al me\u00e1nscoile ag cur go m\u00f3r le creatlach sh\u00f3isialta na mbailte agus na gcathracha ina bhfuil siad lonnaithe.\n \n<\/p><p>T\u00e1 eagra\u00edochta\u00ed n\u00e1isi\u00fanta ag seasamh leis an bhfeachtas seo agus ag tac\u00fa leis, ina measc An Foras P\u00e1tr\u00fanachta, Conradh na Gaeilge agus Gaeloideachas.\n \n<\/p><p>The campaign has been successful in advocating for the inclusion of the Gaelchol\u00e1iste in the Irish language plan for the town which will see the implementation of initiatives that align with the role of Castlebar as a Baile Seirbh\u00edse Gaeltachta &#8211; Gaeltacht Service Town.\n \n<\/p><p>Re\u00e1cht\u00e1lfar cruinni\u00fa poibl\u00ed, D\u00e9 C\u00e9adaoin, 22 Feabhra 2023 in Ionad Eala\u00edon Halla an L\u00edn\u00e9adaigh, Caisle\u00e1n an Bharraigh ar a 7.00pm. Beidh an cruinni\u00fa ar oscailt don phobal agus mar chuid den \u00f3c\u00e1id, beidh aoichainteoir\u00ed ag labhairt agus d\u00e9anfar cur i l\u00e1thair a thabharfaidh eolas t\u00e1bhachtach do thuismitheoir\u00ed, d\u2019eagra\u00edochta\u00ed, don rialtas \u00e1iti\u00fail agus don phobal i gcoitinne maidir le bun\u00fa Gaelchol\u00e1iste i gCaisle\u00e1n an Bharraigh.\n<\/p>\n\n\n\n\n<h2>Ailt agus agallaimh sna me\u00e1in<\/h2>\n\n\n\n02\/12\/24\n\n\n04\/08\/23\n\n\n01\/08\/23\n\n\n\n\nMidwest Radio &#8211; 01\/08\/23\n\n\n14\/03\/23\n\n\n28\/02\/23\n\n\n\n\n28\/02\/23\n\n\n26\/02\/23\n\n\nRaidi\u00f3 na Gaeltachta &#8211; 23\/02\/23 [Tos\u00fa 08:18]\n\n\n\n\nMidwest Radio &#8211; 20\/02\/23\n\n\nAidan Crowley &#8211; 15\/02\/23\n\n\n15\/02\/23\n\n\n\n\nRaidi\u00f3 na Life &#038; Near FM &#8211; 14\/02\/23\n\n\nRaidi\u00f3 na Gaeltachta &#8211; 13\/02\/23 &nbsp;[Tos\u00fa 32:30]\n\n\n10\/02\/23\n\n\n\n\n09\/02\/23\n\n\n08\/02\/23\n\n\nTuarasc\u00e1il &#8211; \u00c9anna \u00d3 Caolla\u00ed\n\n\n\n\nRaidi\u00f3 na Gaeltachta &#8211; 03\/02\/23\n\n\n12\/01\/23\n\n\nRaidi\u00f3 na Gaeltachta &#8211; 11\/01\/23 &nbsp;[Tos\u00fa 24:06]","protected":false},"excerpt":{"rendered":"","protected":false},"author":1,"featured_media":0,"parent":0,"menu_order":0,"comment_status":"closed","ping_status":"closed","template":"","meta":{"footnotes":""},"class_list":["post-88","page","type-page","status-publish","hentry"],"_links":{"self":[{"href":"https:\/\/www.gaelcholaistemhaigheo.ie\/ga\/wp-json\/wp\/v2\/pages\/88","targetHints":{"allow":["GET"]}}],"collection":[{"href":"https:\/\/www.gaelcholaistemhaigheo.ie\/ga\/wp-json\/wp\/v2\/pages"}],"about":[{"href":"https:\/\/www.gaelcholaistemhaigheo.ie\/ga\/wp-json\/wp\/v2\/types\/page"}],"author":[{"embeddable":true,"href":"https:\/\/www.gaelcholaistemhaigheo.ie\/ga\/wp-json\/wp\/v2\/users\/1"}],"replies":[{"embeddable":true,"href":"https:\/\/www.gaelcholaistemhaigheo.ie\/ga\/wp-json\/wp\/v2\/comments?post=88"}],"version-history":[{"count":75,"href":"https:\/\/www.gaelcholaistemhaigheo.ie\/ga\/wp-json\/wp\/v2\/pages\/88\/revisions"}],"predecessor-version":[{"id":328,"href":"https:\/\/www.gaelcholaistemhaigheo.ie\/ga\/wp-json\/wp\/v2\/pages\/88\/revisions\/328"}],"wp:attachment":[{"href":"https:\/\/www.gaelcholaistemhaigheo.ie\/ga\/wp-json\/wp\/v2\/media?parent=88"}],"curies":[{"name":"wp","href":"https:\/\/api.w.org\/{rel}","templated":true}]}}